{"id":891,"date":"2025-10-22T11:19:13","date_gmt":"2025-10-22T09:19:13","guid":{"rendered":"https:\/\/adema.nepomedia-staging.de\/ueber-uns\/"},"modified":"2025-11-21T11:19:34","modified_gmt":"2025-11-21T10:19:34","slug":"ueber-uns","status":"publish","type":"page","link":"https:\/\/adema.nepomedia-staging.de\/de\/ueber-uns\/","title":{"rendered":"\u00dcber uns"},"content":{"rendered":"\t\t<div data-elementor-type=\"wp-page\" data-elementor-id=\"891\" class=\"elementor elementor-891 elementor-505\" data-elementor-post-type=\"page\">\n\t\t\t\t<div class=\"elementor-element elementor-element-5d88026 e-flex e-con-boxed e-con e-parent\" data-id=\"5d88026\" data-element_type=\"container\" data-settings=\"{&quot;background_background&quot;:&quot;classic&quot;,&quot;jet_parallax_layout_list&quot;:[]}\">\n\t\t\t\t\t<div class=\"e-con-inner\">\n\t\t\t\t<div class=\"elementor-element elementor-element-3b77c45 elementor-widget elementor-widget-heading\" data-id=\"3b77c45\" data-element_type=\"widget\" data-widget_type=\"heading.default\">\n\t\t\t\t<div class=\"elementor-widget-container\">\n\t\t\t\t\t<h1 class=\"elementor-heading-title elementor-size-default\">\u00dcber uns<\/h1>\t\t\t\t<\/div>\n\t\t\t\t<\/div>\n\t\t\t\t<div class=\"elementor-element elementor-element-e450fd0 elementor-widget elementor-widget-heading\" data-id=\"e450fd0\" data-element_type=\"widget\" data-widget_type=\"heading.default\">\n\t\t\t\t<div class=\"elementor-widget-container\">\n\t\t\t\t\t<p class=\"elementor-heading-title elementor-size-default\">Wer sind wir?<\/p>\t\t\t\t<\/div>\n\t\t\t\t<\/div>\n\t\t\t\t<div class=\"elementor-element elementor-element-47cfa33 elementor-widget__width-initial elementor-absolute elementor-widget elementor-widget-image\" data-id=\"47cfa33\" data-element_type=\"widget\" data-settings=\"{&quot;_position&quot;:&quot;absolute&quot;}\" data-widget_type=\"image.default\">\n\t\t\t\t<div class=\"elementor-widget-container\">\n\t\t\t\t\t\t\t\t\t\t\t\t\t\t\t<img fetchpriority=\"high\" decoding=\"async\" width=\"556\" height=\"258\" src=\"https:\/\/adema.nepomedia-staging.de\/wp-content\/uploads\/2025\/10\/Element-1.svg\" class=\"attachment-large size-large wp-image-884\" alt=\"Apfelblatt dunkelgr\u00fcn gespiegelt\" \/>\t\t\t\t\t\t\t\t\t\t\t\t\t\t\t<\/div>\n\t\t\t\t<\/div>\n\t\t\t\t\t<\/div>\n\t\t\t\t<\/div>\n\t\t<div class=\"elementor-element elementor-element-267dd77 e-flex e-con-boxed e-con e-parent\" data-id=\"267dd77\" data-element_type=\"container\" data-settings=\"{&quot;jet_parallax_layout_list&quot;:[]}\">\n\t\t\t\t\t<div class=\"e-con-inner\">\n\t\t\t\t<div class=\"elementor-element elementor-element-934e685 elementor-widget__width-initial elementor-widget-tablet__width-inherit elementor-widget elementor-widget-heading\" data-id=\"934e685\" data-element_type=\"widget\" data-widget_type=\"heading.default\">\n\t\t\t\t<div class=\"elementor-widget-container\">\n\t\t\t\t\t<h2 class=\"elementor-heading-title elementor-size-default\">HIstory. Die Wurzeln von ADEMA liegen in der Vision von <span style=\"color: #847163\">Luis Braun<\/span> - einem Pionier des modernen Apfelanbaus in S\u00fcdtirol.<\/h2>\t\t\t\t<\/div>\n\t\t\t\t<\/div>\n\t\t\t\t\t<\/div>\n\t\t\t\t<\/div>\n\t\t<div class=\"elementor-element elementor-element-e05ec4a e-con-full e-flex e-con e-parent\" data-id=\"e05ec4a\" data-element_type=\"container\" data-settings=\"{&quot;background_background&quot;:&quot;classic&quot;,&quot;jet_parallax_layout_list&quot;:[]}\">\n\t\t<div class=\"elementor-element elementor-element-bbc99b2 e-flex e-con-boxed e-con e-child\" data-id=\"bbc99b2\" data-element_type=\"container\" data-settings=\"{&quot;jet_parallax_layout_list&quot;:[]}\">\n\t\t\t\t\t<div class=\"e-con-inner\">\n\t\t\t\t<div class=\"elementor-element elementor-element-18b2f58 elementor-widget__width-initial elementor-widget-tablet__width-inherit elementor-widget elementor-widget-text-editor\" data-id=\"18b2f58\" data-element_type=\"widget\" data-widget_type=\"text-editor.default\">\n\t\t\t\t<div class=\"elementor-widget-container\">\n\t\t\t\t\t\t\t\t\t<p>Seine Leidenschaft f\u00fcr Innovation, Neugierde und Pr\u00e4zision pr\u00e4gte die regionale Apfelindustrie und legte den Grundstein f\u00fcr unser Unternehmen.<\/p><p> <\/p><p>In den fr\u00fchen 1990er Jahren brachte Luis den Fuji-Apfel aus Japan nach Europa. Nach Jahren des Testens und der Verfeinerung wurde daraus KIKU\u00ae, einer der ersten Marken\u00e4pfel der Welt. Im Jahr 1999 gr\u00fcndete die Familie Braun das Unternehmen KIKU, aus dem sich der heutige internationale Sortenmanager ADEMA entwickelte, der von seinem Sohn J\u00fcrgen Braun geleitet wird.<\/p><p><br>Was mit einzigen Schnittling in einer japanischen Obstplantage begann, hat sich zu einem globalen Netzwerk f\u00fcr Premium-\u00c4pfel entwickelt &#8211; mit ADEMA als Herzst\u00fcck.<\/p>\t\t\t\t\t\t\t\t<\/div>\n\t\t\t\t<\/div>\n\t\t\t\t\t<\/div>\n\t\t\t\t<\/div>\n\t\t<div class=\"elementor-element elementor-element-5edd116 e-con-full e-flex e-con e-child\" data-id=\"5edd116\" data-element_type=\"container\" data-settings=\"{&quot;background_background&quot;:&quot;classic&quot;,&quot;jet_parallax_layout_list&quot;:[]}\">\n\t\t\t\t<\/div>\n\t\t\t\t<\/div>\n\t\t<div class=\"elementor-element elementor-element-6a759ba e-flex e-con-boxed e-con e-parent\" data-id=\"6a759ba\" data-element_type=\"container\" data-settings=\"{&quot;background_background&quot;:&quot;classic&quot;,&quot;jet_parallax_layout_list&quot;:[]}\">\n\t\t\t\t\t<div class=\"e-con-inner\">\n\t\t\t\t<div class=\"elementor-element elementor-element-06c0521 elementor-widget__width-initial elementor-widget-mobile__width-inherit elementor-widget elementor-widget-heading\" data-id=\"06c0521\" data-element_type=\"widget\" data-widget_type=\"heading.default\">\n\t\t\t\t<div class=\"elementor-widget-container\">\n\t\t\t\t\t<h2 class=\"elementor-heading-title elementor-size-default\">Unsere Kompetenz: Wissen! \nRechtliches &amp; Strategisches \nSortenmanagement<\/h2>\t\t\t\t<\/div>\n\t\t\t\t<\/div>\n\t\t<div class=\"elementor-element elementor-element-a0acf44 e-con-full e-flex e-con e-child\" data-id=\"a0acf44\" data-element_type=\"container\" data-settings=\"{&quot;jet_parallax_layout_list&quot;:[]}\">\n\t\t<div class=\"elementor-element elementor-element-f84fa70 e-con-full e-flex e-con e-child\" data-id=\"f84fa70\" data-element_type=\"container\" data-settings=\"{&quot;jet_parallax_layout_list&quot;:[]}\">\n\t\t\t\t<div class=\"elementor-element elementor-element-b576936 elementor-widget elementor-widget-text-editor\" data-id=\"b576936\" data-element_type=\"widget\" data-widget_type=\"text-editor.default\">\n\t\t\t\t<div class=\"elementor-widget-container\">\n\t\t\t\t\t\t\t\t\t<p><strong>J\u00fcrgen Braun<\/strong>, CEO von ADEMA, ist ein international anerkannter Experte f\u00fcr Sortenschutz und Markenstrategie. Seine Arbeit wird in der Branchenpublikation &#8222;Von B\u00e4umen &amp; Fr\u00fcchten&#8220; vorgestellt. In seinem Kapitel \u00fcber geistiges Eigentum hebt er hervor: &#8222;Wie Patente gew\u00e4hrt der Sortenschutz exklusive Rechte f\u00fcr eine begrenzte Zeit &#8211; das macht die Z\u00fcchtung lohnend und attraktiv.&#8220;<\/p><p>Er verf\u00fcgt \u00fcber jahrzehntelange Erfahrung im Management von Lizenzmodellen, Sortenschutz (PBR), Marken &amp; Branding, Pflanzenpatenten und UPOV-Regeln.<\/p>\t\t\t\t\t\t\t\t<\/div>\n\t\t\t\t<\/div>\n\t\t\t\t<\/div>\n\t\t<div class=\"elementor-element elementor-element-d8a1ef0 e-con-full e-flex e-con e-child\" data-id=\"d8a1ef0\" data-element_type=\"container\" data-settings=\"{&quot;jet_parallax_layout_list&quot;:[]}\">\n\t\t\t\t<div class=\"elementor-element elementor-element-0d779d7 elementor-widget elementor-widget-image\" data-id=\"0d779d7\" data-element_type=\"widget\" data-widget_type=\"image.default\">\n\t\t\t\t<div class=\"elementor-widget-container\">\n\t\t\t\t\t\t\t\t\t\t\t\t\t\t\t<img decoding=\"async\" width=\"800\" height=\"533\" src=\"https:\/\/adema.nepomedia-staging.de\/wp-content\/uploads\/2025\/11\/PAD5169-1024x682.webp\" class=\"attachment-large size-large wp-image-904\" alt=\"J\u00fcrgen Braun Interview\" srcset=\"https:\/\/adema.nepomedia-staging.de\/wp-content\/uploads\/2025\/11\/PAD5169-1024x682.webp 1024w, https:\/\/adema.nepomedia-staging.de\/wp-content\/uploads\/2025\/11\/PAD5169-300x200.webp 300w, https:\/\/adema.nepomedia-staging.de\/wp-content\/uploads\/2025\/11\/PAD5169-768x511.webp 768w, https:\/\/adema.nepomedia-staging.de\/wp-content\/uploads\/2025\/11\/PAD5169-1536x1022.webp 1536w, https:\/\/adema.nepomedia-staging.de\/wp-content\/uploads\/2025\/11\/PAD5169.webp 1600w\" sizes=\"(max-width: 800px) 100vw, 800px\" \/>\t\t\t\t\t\t\t\t\t\t\t\t\t\t\t<\/div>\n\t\t\t\t<\/div>\n\t\t\t\t<\/div>\n\t\t\t\t<\/div>\n\t\t\t\t\t<\/div>\n\t\t\t\t<\/div>\n\t\t<div class=\"elementor-element elementor-element-9597cbf e-flex e-con-boxed e-con e-parent\" data-id=\"9597cbf\" data-element_type=\"container\" data-settings=\"{&quot;jet_parallax_layout_list&quot;:[]}\">\n\t\t\t\t\t<div class=\"e-con-inner\">\n\t\t<div class=\"elementor-element elementor-element-78ae42c e-con-full e-flex e-con e-child\" data-id=\"78ae42c\" data-element_type=\"container\" data-settings=\"{&quot;jet_parallax_layout_list&quot;:[]}\">\n\t\t\t\t<div class=\"elementor-element elementor-element-b3ce492 elementor-widget elementor-widget-image\" data-id=\"b3ce492\" data-element_type=\"widget\" data-widget_type=\"image.default\">\n\t\t\t\t<div class=\"elementor-widget-container\">\n\t\t\t\t\t\t\t\t\t\t\t\t\t\t\t<img decoding=\"async\" width=\"800\" height=\"909\" src=\"https:\/\/adema.nepomedia-staging.de\/wp-content\/uploads\/2025\/10\/Teamfoto-ADEMA-nahe-901x1024.webp\" class=\"attachment-large size-large wp-image-900\" alt=\"Team Gabi, J\u00fcrgen und Martin\" srcset=\"https:\/\/adema.nepomedia-staging.de\/wp-content\/uploads\/2025\/10\/Teamfoto-ADEMA-nahe-901x1024.webp 901w, https:\/\/adema.nepomedia-staging.de\/wp-content\/uploads\/2025\/10\/Teamfoto-ADEMA-nahe-264x300.webp 264w, https:\/\/adema.nepomedia-staging.de\/wp-content\/uploads\/2025\/10\/Teamfoto-ADEMA-nahe-768x873.webp 768w, https:\/\/adema.nepomedia-staging.de\/wp-content\/uploads\/2025\/10\/Teamfoto-ADEMA-nahe-1352x1536.webp 1352w, https:\/\/adema.nepomedia-staging.de\/wp-content\/uploads\/2025\/10\/Teamfoto-ADEMA-nahe.webp 1600w\" sizes=\"(max-width: 800px) 100vw, 800px\" \/>\t\t\t\t\t\t\t\t\t\t\t\t\t\t\t<\/div>\n\t\t\t\t<\/div>\n\t\t\t\t<\/div>\n\t\t<div class=\"elementor-element elementor-element-acd738c e-con-full e-flex e-con e-child\" data-id=\"acd738c\" data-element_type=\"container\" data-settings=\"{&quot;jet_parallax_layout_list&quot;:[]}\">\n\t\t\t\t<div class=\"elementor-element elementor-element-8484b3f elementor-widget elementor-widget-heading\" data-id=\"8484b3f\" data-element_type=\"widget\" data-widget_type=\"heading.default\">\n\t\t\t\t<div class=\"elementor-widget-container\">\n\t\t\t\t\t<h2 class=\"elementor-heading-title elementor-size-default\">das Team. Wir sind ein kleines, engagiertes Team mit einer klaren Mission: Innovation, Qualit\u00e4t und Leidenschaft in das Apfelgesch\u00e4ft zu bringen.  <\/h2>\t\t\t\t<\/div>\n\t\t\t\t<\/div>\n\t\t\t\t<div class=\"elementor-element elementor-element-04f0e3c elementor-widget elementor-widget-text-editor\" data-id=\"04f0e3c\" data-element_type=\"widget\" data-widget_type=\"text-editor.default\">\n\t\t\t\t<div class=\"elementor-widget-container\">\n\t\t\t\t\t\t\t\t\t<p class=\"p1\">Mit flachen Hierarchien und kurzen Entscheidungswegen arbeiten wir praxisnah und eng zusammen &#8211; sowohl mit unseren Partnern als auch innerhalb unserer eigenen W\u00e4nde.<\/p><p class=\"p1\"><b>Gabi Oberhauser &#8211; <\/b>Marketing<\/p><p class=\"p1\"><b>J\u00fcrgen Braun<\/b> &#8211; CEO &amp; Sortenstratege<\/p><p class=\"p1\"><b>Martin<\/b> <strong>Rottensteiner<\/strong> &#8211; Verwaltung &amp; Verkauf<\/p>\t\t\t\t\t\t\t\t<\/div>\n\t\t\t\t<\/div>\n\t\t\t\t<\/div>\n\t\t\t\t\t<\/div>\n\t\t\t\t<\/div>\n\t\t\t\t<\/div>\n\t\t","protected":false},"excerpt":{"rendered":"<p>\u00dcber uns Wer sind wir? HIstory. Die Wurzeln von ADEMA liegen in der Vision von Luis Braun &#8211; einem Pionier des modernen Apfelanbaus in S\u00fcdtirol. Seine Leidenschaft f\u00fcr Innovation, Neugierde und Pr\u00e4zision pr\u00e4gte die regionale Apfelindustrie und legte den Grundstein f\u00fcr unser Unternehmen. In den fr\u00fchen 1990er Jahren brachte Luis den Fuji-Apfel aus Japan nach [&hellip;]<\/p>\n","protected":false},"author":2,"featured_media":0,"parent":0,"menu_order":0,"comment_status":"closed","ping_status":"closed","template":"","meta":{"footnotes":""},"class_list":["post-891","page","type-page","status-publish","hentry"],"yoast_head":"<!-- This site is optimized with the Yoast SEO plugin v26.4 - https:\/\/yoast.com\/wordpress\/plugins\/seo\/ -->\n<title>-<\/title>\n<meta name=\"robots\" content=\"index, follow, max-snippet:-1, max-image-preview:large, max-video-preview:-1\" \/>\n<link rel=\"canonical\" href=\"https:\/\/adema.nepomedia-staging.de\/de\/ueber-uns\/\" \/>\n<meta property=\"og:locale\" content=\"de_DE\" \/>\n<meta property=\"og:type\" content=\"article\" \/>\n<meta property=\"og:title\" content=\"-\" \/>\n<meta property=\"og:description\" content=\"\u00dcber uns Wer sind wir? HIstory. Die Wurzeln von ADEMA liegen in der Vision von Luis Braun &#8211; einem Pionier des modernen Apfelanbaus in S\u00fcdtirol. Seine Leidenschaft f\u00fcr Innovation, Neugierde und Pr\u00e4zision pr\u00e4gte die regionale Apfelindustrie und legte den Grundstein f\u00fcr unser Unternehmen. In den fr\u00fchen 1990er Jahren brachte Luis den Fuji-Apfel aus Japan nach [&hellip;]\" \/>\n<meta property=\"og:url\" content=\"https:\/\/adema.nepomedia-staging.de\/de\/ueber-uns\/\" \/>\n<meta property=\"og:site_name\" content=\"ADEMA\" \/>\n<meta property=\"article:modified_time\" content=\"2025-11-21T10:19:34+00:00\" \/>\n<meta name=\"twitter:card\" content=\"summary_large_image\" \/>\n<meta name=\"twitter:label1\" content=\"Gesch\u00e4tzte Lesezeit\" \/>\n\t<meta name=\"twitter:data1\" content=\"2\u00a0Minuten\" \/>\n<script type=\"application\/ld+json\" class=\"yoast-schema-graph\">{\"@context\":\"https:\/\/schema.org\",\"@graph\":[{\"@type\":\"WebPage\",\"@id\":\"https:\/\/adema.nepomedia-staging.de\/de\/ueber-uns\/\",\"url\":\"https:\/\/adema.nepomedia-staging.de\/de\/ueber-uns\/\",\"name\":\"-\",\"isPartOf\":{\"@id\":\"https:\/\/adema.nepomedia-staging.de\/de\/#website\"},\"primaryImageOfPage\":{\"@id\":\"https:\/\/adema.nepomedia-staging.de\/de\/ueber-uns\/#primaryimage\"},\"image\":{\"@id\":\"https:\/\/adema.nepomedia-staging.de\/de\/ueber-uns\/#primaryimage\"},\"thumbnailUrl\":\"https:\/\/adema.nepomedia-staging.de\/wp-content\/uploads\/2025\/10\/Element-1.svg\",\"datePublished\":\"2025-10-22T09:19:13+00:00\",\"dateModified\":\"2025-11-21T10:19:34+00:00\",\"breadcrumb\":{\"@id\":\"https:\/\/adema.nepomedia-staging.de\/de\/ueber-uns\/#breadcrumb\"},\"inLanguage\":\"de\",\"potentialAction\":[{\"@type\":\"ReadAction\",\"target\":[\"https:\/\/adema.nepomedia-staging.de\/de\/ueber-uns\/\"]}]},{\"@type\":\"ImageObject\",\"inLanguage\":\"de\",\"@id\":\"https:\/\/adema.nepomedia-staging.de\/de\/ueber-uns\/#primaryimage\",\"url\":\"https:\/\/adema.nepomedia-staging.de\/wp-content\/uploads\/2025\/10\/Element-1.svg\",\"contentUrl\":\"https:\/\/adema.nepomedia-staging.de\/wp-content\/uploads\/2025\/10\/Element-1.svg\"},{\"@type\":\"BreadcrumbList\",\"@id\":\"https:\/\/adema.nepomedia-staging.de\/de\/ueber-uns\/#breadcrumb\",\"itemListElement\":[{\"@type\":\"ListItem\",\"position\":1,\"name\":\"Startseite\",\"item\":\"https:\/\/adema.nepomedia-staging.de\/de\/startseite\/\"},{\"@type\":\"ListItem\",\"position\":2,\"name\":\"\u00dcber uns\"}]},{\"@type\":\"WebSite\",\"@id\":\"https:\/\/adema.nepomedia-staging.de\/de\/#website\",\"url\":\"https:\/\/adema.nepomedia-staging.de\/de\/\",\"name\":\"ADEMA\",\"description\":\"Apple Entwicklung &amp; Management\",\"publisher\":{\"@id\":\"https:\/\/adema.nepomedia-staging.de\/de\/#organization\"},\"potentialAction\":[{\"@type\":\"SearchAction\",\"target\":{\"@type\":\"EntryPoint\",\"urlTemplate\":\"https:\/\/adema.nepomedia-staging.de\/de\/?s={search_term_string}\"},\"query-input\":{\"@type\":\"PropertyValueSpecification\",\"valueRequired\":true,\"valueName\":\"search_term_string\"}}],\"inLanguage\":\"de\"},{\"@type\":\"Organization\",\"@id\":\"https:\/\/adema.nepomedia-staging.de\/de\/#organization\",\"name\":\"ADEMA\",\"url\":\"https:\/\/adema.nepomedia-staging.de\/de\/\",\"logo\":{\"@type\":\"ImageObject\",\"inLanguage\":\"de\",\"@id\":\"https:\/\/adema.nepomedia-staging.de\/de\/#\/schema\/logo\/image\/\",\"url\":\"https:\/\/adema.nepomedia-staging.de\/wp-content\/uploads\/2024\/11\/Adema_Logo_RGB.svg\",\"contentUrl\":\"https:\/\/adema.nepomedia-staging.de\/wp-content\/uploads\/2024\/11\/Adema_Logo_RGB.svg\",\"caption\":\"ADEMA\"},\"image\":{\"@id\":\"https:\/\/adema.nepomedia-staging.de\/de\/#\/schema\/logo\/image\/\"},\"sameAs\":[\"https:\/\/www.linkedin.com\/in\/jrgen-braun-537997151\/\"]}]}<\/script>\n<!-- \/ Yoast SEO plugin. -->","yoast_head_json":{"title":"-","robots":{"index":"index","follow":"follow","max-snippet":"max-snippet:-1","max-image-preview":"max-image-preview:large","max-video-preview":"max-video-preview:-1"},"canonical":"https:\/\/adema.nepomedia-staging.de\/de\/ueber-uns\/","og_locale":"de_DE","og_type":"article","og_title":"-","og_description":"\u00dcber uns Wer sind wir? HIstory. Die Wurzeln von ADEMA liegen in der Vision von Luis Braun &#8211; einem Pionier des modernen Apfelanbaus in S\u00fcdtirol. Seine Leidenschaft f\u00fcr Innovation, Neugierde und Pr\u00e4zision pr\u00e4gte die regionale Apfelindustrie und legte den Grundstein f\u00fcr unser Unternehmen. In den fr\u00fchen 1990er Jahren brachte Luis den Fuji-Apfel aus Japan nach [&hellip;]","og_url":"https:\/\/adema.nepomedia-staging.de\/de\/ueber-uns\/","og_site_name":"ADEMA","article_modified_time":"2025-11-21T10:19:34+00:00","twitter_card":"summary_large_image","twitter_misc":{"Gesch\u00e4tzte Lesezeit":"2\u00a0Minuten"},"schema":{"@context":"https:\/\/schema.org","@graph":[{"@type":"WebPage","@id":"https:\/\/adema.nepomedia-staging.de\/de\/ueber-uns\/","url":"https:\/\/adema.nepomedia-staging.de\/de\/ueber-uns\/","name":"-","isPartOf":{"@id":"https:\/\/adema.nepomedia-staging.de\/de\/#website"},"primaryImageOfPage":{"@id":"https:\/\/adema.nepomedia-staging.de\/de\/ueber-uns\/#primaryimage"},"image":{"@id":"https:\/\/adema.nepomedia-staging.de\/de\/ueber-uns\/#primaryimage"},"thumbnailUrl":"https:\/\/adema.nepomedia-staging.de\/wp-content\/uploads\/2025\/10\/Element-1.svg","datePublished":"2025-10-22T09:19:13+00:00","dateModified":"2025-11-21T10:19:34+00:00","breadcrumb":{"@id":"https:\/\/adema.nepomedia-staging.de\/de\/ueber-uns\/#breadcrumb"},"inLanguage":"de","potentialAction":[{"@type":"ReadAction","target":["https:\/\/adema.nepomedia-staging.de\/de\/ueber-uns\/"]}]},{"@type":"ImageObject","inLanguage":"de","@id":"https:\/\/adema.nepomedia-staging.de\/de\/ueber-uns\/#primaryimage","url":"https:\/\/adema.nepomedia-staging.de\/wp-content\/uploads\/2025\/10\/Element-1.svg","contentUrl":"https:\/\/adema.nepomedia-staging.de\/wp-content\/uploads\/2025\/10\/Element-1.svg"},{"@type":"BreadcrumbList","@id":"https:\/\/adema.nepomedia-staging.de\/de\/ueber-uns\/#breadcrumb","itemListElement":[{"@type":"ListItem","position":1,"name":"Startseite","item":"https:\/\/adema.nepomedia-staging.de\/de\/startseite\/"},{"@type":"ListItem","position":2,"name":"\u00dcber uns"}]},{"@type":"WebSite","@id":"https:\/\/adema.nepomedia-staging.de\/de\/#website","url":"https:\/\/adema.nepomedia-staging.de\/de\/","name":"ADEMA","description":"Apple Entwicklung &amp; Management","publisher":{"@id":"https:\/\/adema.nepomedia-staging.de\/de\/#organization"},"potentialAction":[{"@type":"SearchAction","target":{"@type":"EntryPoint","urlTemplate":"https:\/\/adema.nepomedia-staging.de\/de\/?s={search_term_string}"},"query-input":{"@type":"PropertyValueSpecification","valueRequired":true,"valueName":"search_term_string"}}],"inLanguage":"de"},{"@type":"Organization","@id":"https:\/\/adema.nepomedia-staging.de\/de\/#organization","name":"ADEMA","url":"https:\/\/adema.nepomedia-staging.de\/de\/","logo":{"@type":"ImageObject","inLanguage":"de","@id":"https:\/\/adema.nepomedia-staging.de\/de\/#\/schema\/logo\/image\/","url":"https:\/\/adema.nepomedia-staging.de\/wp-content\/uploads\/2024\/11\/Adema_Logo_RGB.svg","contentUrl":"https:\/\/adema.nepomedia-staging.de\/wp-content\/uploads\/2024\/11\/Adema_Logo_RGB.svg","caption":"ADEMA"},"image":{"@id":"https:\/\/adema.nepomedia-staging.de\/de\/#\/schema\/logo\/image\/"},"sameAs":["https:\/\/www.linkedin.com\/in\/jrgen-braun-537997151\/"]}]}},"_links":{"self":[{"href":"https:\/\/adema.nepomedia-staging.de\/de\/wp-json\/wp\/v2\/pages\/891","targetHints":{"allow":["GET"]}}],"collection":[{"href":"https:\/\/adema.nepomedia-staging.de\/de\/wp-json\/wp\/v2\/pages"}],"about":[{"href":"https:\/\/adema.nepomedia-staging.de\/de\/wp-json\/wp\/v2\/types\/page"}],"author":[{"embeddable":true,"href":"https:\/\/adema.nepomedia-staging.de\/de\/wp-json\/wp\/v2\/users\/2"}],"replies":[{"embeddable":true,"href":"https:\/\/adema.nepomedia-staging.de\/de\/wp-json\/wp\/v2\/comments?post=891"}],"version-history":[{"count":8,"href":"https:\/\/adema.nepomedia-staging.de\/de\/wp-json\/wp\/v2\/pages\/891\/revisions"}],"predecessor-version":[{"id":1371,"href":"https:\/\/adema.nepomedia-staging.de\/de\/wp-json\/wp\/v2\/pages\/891\/revisions\/1371"}],"wp:attachment":[{"href":"https:\/\/adema.nepomedia-staging.de\/de\/wp-json\/wp\/v2\/media?parent=891"}],"curies":[{"name":"wp","href":"https:\/\/api.w.org\/{rel}","templated":true}]}}