{"id":911,"date":"2025-10-22T11:19:13","date_gmt":"2025-10-22T09:19:13","guid":{"rendered":"https:\/\/adema.nepomedia-staging.de\/chi-siamo\/"},"modified":"2025-11-27T11:02:18","modified_gmt":"2025-11-27T10:02:18","slug":"chi-siamo","status":"publish","type":"page","link":"https:\/\/adema.nepomedia-staging.de\/it\/chi-siamo\/","title":{"rendered":"Chi siamo"},"content":{"rendered":"\t\t<div data-elementor-type=\"wp-page\" data-elementor-id=\"911\" class=\"elementor elementor-911 elementor-505\" data-elementor-post-type=\"page\">\n\t\t\t\t<div class=\"elementor-element elementor-element-5d88026 e-flex e-con-boxed e-con e-parent\" data-id=\"5d88026\" data-element_type=\"container\" data-settings=\"{&quot;background_background&quot;:&quot;classic&quot;,&quot;jet_parallax_layout_list&quot;:[]}\">\n\t\t\t\t\t<div class=\"e-con-inner\">\n\t\t\t\t<div class=\"elementor-element elementor-element-3b77c45 elementor-widget elementor-widget-heading\" data-id=\"3b77c45\" data-element_type=\"widget\" data-widget_type=\"heading.default\">\n\t\t\t\t<div class=\"elementor-widget-container\">\n\t\t\t\t\t<h1 class=\"elementor-heading-title elementor-size-default\">Chi siamo<\/h1>\t\t\t\t<\/div>\n\t\t\t\t<\/div>\n\t\t\t\t<div class=\"elementor-element elementor-element-e450fd0 elementor-widget elementor-widget-heading\" data-id=\"e450fd0\" data-element_type=\"widget\" data-widget_type=\"heading.default\">\n\t\t\t\t<div class=\"elementor-widget-container\">\n\t\t\t\t\t<p class=\"elementor-heading-title elementor-size-default\">LA NOSTRA STORIA<\/p>\t\t\t\t<\/div>\n\t\t\t\t<\/div>\n\t\t\t\t<div class=\"elementor-element elementor-element-47cfa33 elementor-widget__width-initial elementor-absolute elementor-widget elementor-widget-image\" data-id=\"47cfa33\" data-element_type=\"widget\" data-settings=\"{&quot;_position&quot;:&quot;absolute&quot;}\" data-widget_type=\"image.default\">\n\t\t\t\t<div class=\"elementor-widget-container\">\n\t\t\t\t\t\t\t\t\t\t\t\t\t\t\t<img fetchpriority=\"high\" decoding=\"async\" width=\"556\" height=\"258\" src=\"https:\/\/adema.nepomedia-staging.de\/wp-content\/uploads\/2025\/10\/Element-1.svg\" class=\"attachment-large size-large wp-image-887\" alt=\"foglia\" \/>\t\t\t\t\t\t\t\t\t\t\t\t\t\t\t<\/div>\n\t\t\t\t<\/div>\n\t\t\t\t\t<\/div>\n\t\t\t\t<\/div>\n\t\t<div class=\"elementor-element elementor-element-267dd77 e-flex e-con-boxed e-con e-parent\" data-id=\"267dd77\" data-element_type=\"container\" data-settings=\"{&quot;jet_parallax_layout_list&quot;:[]}\">\n\t\t\t\t\t<div class=\"e-con-inner\">\n\t\t\t\t<div class=\"elementor-element elementor-element-934e685 elementor-widget__width-initial elementor-widget-tablet__width-inherit elementor-widget elementor-widget-heading\" data-id=\"934e685\" data-element_type=\"widget\" data-widget_type=\"heading.default\">\n\t\t\t\t<div class=\"elementor-widget-container\">\n\t\t\t\t\t<h2 class=\"elementor-heading-title elementor-size-default\">Storia. ADEMA affonda le sue radici nella visione di Luis Braun \u2013 un pioniere della moderna melicoltura in Alto Adige.<\/h2>\t\t\t\t<\/div>\n\t\t\t\t<\/div>\n\t\t\t\t\t<\/div>\n\t\t\t\t<\/div>\n\t\t<div class=\"elementor-element elementor-element-e05ec4a e-con-full e-flex e-con e-parent\" data-id=\"e05ec4a\" data-element_type=\"container\" data-settings=\"{&quot;background_background&quot;:&quot;classic&quot;,&quot;jet_parallax_layout_list&quot;:[]}\">\n\t\t<div class=\"elementor-element elementor-element-bbc99b2 e-flex e-con-boxed e-con e-child\" data-id=\"bbc99b2\" data-element_type=\"container\" data-settings=\"{&quot;jet_parallax_layout_list&quot;:[]}\">\n\t\t\t\t\t<div class=\"e-con-inner\">\n\t\t\t\t<div class=\"elementor-element elementor-element-18b2f58 elementor-widget__width-initial elementor-widget-tablet__width-inherit elementor-widget elementor-widget-text-editor\" data-id=\"18b2f58\" data-element_type=\"widget\" data-widget_type=\"text-editor.default\">\n\t\t\t\t<div class=\"elementor-widget-container\">\n\t\t\t\t\t\t\t\t\t<p>La sua passione per l\u2019innovazione, la curiosit\u00e0 e la precisione ha influenzato l\u2019industria delle mele della regione e ha creato le basi per la nostra azienda.<\/p><p> <\/p><p>All&#8217;inizio degli anni &#8217;90, Luis port\u00f2 la mela Fuji dal Giappone all&#8217;Europa. Dopo anni di prove e perfezionamenti, questo \u00e8 diventato KIKU\u00ae, una delle prime mele a marchio del mondo. Nel 1999 la famiglia Braun ha fondato l\u2019azienda KIKU, che si \u00e8 evoluta fino a diventare l\u2019attuale gestore internazionale di variet\u00e0 ADEMA, guidato da suo figlio J\u00fcrgen Braun.<\/p><p><br>Ci\u00f2 che \u00e8 iniziato con una sola talea in un frutteto giapponese \u00e8 cresciuto fino a diventare una rete globale per le mele premium \u2014 con ADEMA al suo centro.<\/p>\t\t\t\t\t\t\t\t<\/div>\n\t\t\t\t<\/div>\n\t\t\t\t\t<\/div>\n\t\t\t\t<\/div>\n\t\t<div class=\"elementor-element elementor-element-5edd116 e-con-full e-flex e-con e-child\" data-id=\"5edd116\" data-element_type=\"container\" data-settings=\"{&quot;background_background&quot;:&quot;classic&quot;,&quot;jet_parallax_layout_list&quot;:[]}\">\n\t\t\t\t<\/div>\n\t\t\t\t<\/div>\n\t\t<div class=\"elementor-element elementor-element-6a759ba e-flex e-con-boxed e-con e-parent\" data-id=\"6a759ba\" data-element_type=\"container\" data-settings=\"{&quot;background_background&quot;:&quot;classic&quot;,&quot;jet_parallax_layout_list&quot;:[]}\">\n\t\t\t\t\t<div class=\"e-con-inner\">\n\t\t\t\t<div class=\"elementor-element elementor-element-06c0521 elementor-widget__width-initial elementor-widget-mobile__width-inherit elementor-widget elementor-widget-heading\" data-id=\"06c0521\" data-element_type=\"widget\" data-widget_type=\"heading.default\">\n\t\t\t\t<div class=\"elementor-widget-container\">\n\t\t\t\t\t<h2 class=\"elementor-heading-title elementor-size-default\">La nostra competenza: Conoscenza! \nGestione legale &amp; strategica delle variet\u00e0<\/h2>\t\t\t\t<\/div>\n\t\t\t\t<\/div>\n\t\t<div class=\"elementor-element elementor-element-a0acf44 e-con-full e-flex e-con e-child\" data-id=\"a0acf44\" data-element_type=\"container\" data-settings=\"{&quot;jet_parallax_layout_list&quot;:[]}\">\n\t\t<div class=\"elementor-element elementor-element-f84fa70 e-con-full e-flex e-con e-child\" data-id=\"f84fa70\" data-element_type=\"container\" data-settings=\"{&quot;jet_parallax_layout_list&quot;:[]}\">\n\t\t\t\t<div class=\"elementor-element elementor-element-b576936 elementor-widget elementor-widget-text-editor\" data-id=\"b576936\" data-element_type=\"widget\" data-widget_type=\"text-editor.default\">\n\t\t\t\t<div class=\"elementor-widget-container\">\n\t\t\t\t\t\t\t\t\t<p><strong>J\u00fcrgen Braun<\/strong>, CEO di ADEMA, \u00e8 un esperto riconosciuto a livello internazionale nella protezione delle variet\u00e0 e nella strategia dei marchi. Il suo lavoro \u00e8 stato pubblicato nella pubblicazione di settore &#8220;Von B\u00e4umen &amp; Fr\u00fcchten&#8221;. Nel suo capitolo sulla propriet\u00e0 intellettuale, sottolinea che: &#8220;Come i brevetti, la protezione delle variet\u00e0 vegetali garantisce diritti esclusivi per un periodo di tempo limitato, rendendo l&#8217;allevamento conveniente e attraente&#8221;.<\/p><p>Ha decenni di esperienza nella gestione di modelli di licenza, PBR, marchi e branding, brevetti vegetali e norme UPOV.<\/p>\t\t\t\t\t\t\t\t<\/div>\n\t\t\t\t<\/div>\n\t\t\t\t<\/div>\n\t\t<div class=\"elementor-element elementor-element-d8a1ef0 e-con-full e-flex e-con e-child\" data-id=\"d8a1ef0\" data-element_type=\"container\" data-settings=\"{&quot;jet_parallax_layout_list&quot;:[]}\">\n\t\t\t\t<div class=\"elementor-element elementor-element-0d779d7 elementor-widget elementor-widget-image\" data-id=\"0d779d7\" data-element_type=\"widget\" data-widget_type=\"image.default\">\n\t\t\t\t<div class=\"elementor-widget-container\">\n\t\t\t\t\t\t\t\t\t\t\t\t\t\t\t<img decoding=\"async\" width=\"800\" height=\"533\" src=\"https:\/\/adema.nepomedia-staging.de\/wp-content\/uploads\/2025\/11\/PAD5169-1024x682.webp\" class=\"attachment-large size-large wp-image-918\" alt=\"J\u00fcrgen Braun intervista\" srcset=\"https:\/\/adema.nepomedia-staging.de\/wp-content\/uploads\/2025\/11\/PAD5169-1024x682.webp 1024w, https:\/\/adema.nepomedia-staging.de\/wp-content\/uploads\/2025\/11\/PAD5169-300x200.webp 300w, https:\/\/adema.nepomedia-staging.de\/wp-content\/uploads\/2025\/11\/PAD5169-768x511.webp 768w, https:\/\/adema.nepomedia-staging.de\/wp-content\/uploads\/2025\/11\/PAD5169-1536x1022.webp 1536w, https:\/\/adema.nepomedia-staging.de\/wp-content\/uploads\/2025\/11\/PAD5169.webp 1600w\" sizes=\"(max-width: 800px) 100vw, 800px\" \/>\t\t\t\t\t\t\t\t\t\t\t\t\t\t\t<\/div>\n\t\t\t\t<\/div>\n\t\t\t\t<\/div>\n\t\t\t\t<\/div>\n\t\t\t\t\t<\/div>\n\t\t\t\t<\/div>\n\t\t<div class=\"elementor-element elementor-element-9597cbf e-flex e-con-boxed e-con e-parent\" data-id=\"9597cbf\" data-element_type=\"container\" data-settings=\"{&quot;jet_parallax_layout_list&quot;:[]}\">\n\t\t\t\t\t<div class=\"e-con-inner\">\n\t\t<div class=\"elementor-element elementor-element-78ae42c e-con-full e-flex e-con e-child\" data-id=\"78ae42c\" data-element_type=\"container\" data-settings=\"{&quot;jet_parallax_layout_list&quot;:[]}\">\n\t\t\t\t<div class=\"elementor-element elementor-element-b3ce492 elementor-widget elementor-widget-image\" data-id=\"b3ce492\" data-element_type=\"widget\" data-widget_type=\"image.default\">\n\t\t\t\t<div class=\"elementor-widget-container\">\n\t\t\t\t\t\t\t\t\t\t\t\t\t\t\t<img decoding=\"async\" width=\"800\" height=\"909\" src=\"https:\/\/adema.nepomedia-staging.de\/wp-content\/uploads\/2025\/10\/Teamfoto-ADEMA-nahe-901x1024.webp\" class=\"attachment-large size-large wp-image-913\" alt=\"Team ADEMA - Gabi, J\u00fcrgen Martin\" srcset=\"https:\/\/adema.nepomedia-staging.de\/wp-content\/uploads\/2025\/10\/Teamfoto-ADEMA-nahe-901x1024.webp 901w, https:\/\/adema.nepomedia-staging.de\/wp-content\/uploads\/2025\/10\/Teamfoto-ADEMA-nahe-264x300.webp 264w, https:\/\/adema.nepomedia-staging.de\/wp-content\/uploads\/2025\/10\/Teamfoto-ADEMA-nahe-768x873.webp 768w, https:\/\/adema.nepomedia-staging.de\/wp-content\/uploads\/2025\/10\/Teamfoto-ADEMA-nahe-1352x1536.webp 1352w, https:\/\/adema.nepomedia-staging.de\/wp-content\/uploads\/2025\/10\/Teamfoto-ADEMA-nahe.webp 1600w\" sizes=\"(max-width: 800px) 100vw, 800px\" \/>\t\t\t\t\t\t\t\t\t\t\t\t\t\t\t<\/div>\n\t\t\t\t<\/div>\n\t\t\t\t<\/div>\n\t\t<div class=\"elementor-element elementor-element-acd738c e-con-full e-flex e-con e-child\" data-id=\"acd738c\" data-element_type=\"container\" data-settings=\"{&quot;jet_parallax_layout_list&quot;:[]}\">\n\t\t\t\t<div class=\"elementor-element elementor-element-8484b3f elementor-widget elementor-widget-heading\" data-id=\"8484b3f\" data-element_type=\"widget\" data-widget_type=\"heading.default\">\n\t\t\t\t<div class=\"elementor-widget-container\">\n\t\t\t\t\t<h2 class=\"elementor-heading-title elementor-size-default\">il team. Siamo un piccolo team dedicato con una missione chiara: portare innovazione, qualit\u00e0 e passione nel settore delle mele.  <\/h2>\t\t\t\t<\/div>\n\t\t\t\t<\/div>\n\t\t\t\t<div class=\"elementor-element elementor-element-04f0e3c elementor-widget elementor-widget-text-editor\" data-id=\"04f0e3c\" data-element_type=\"widget\" data-widget_type=\"text-editor.default\">\n\t\t\t\t<div class=\"elementor-widget-container\">\n\t\t\t\t\t\t\t\t\t<p class=\"p1\">Con gerarchie piatte e percorsi decisionali brevi, lavoriamo in prima persona e a stretto contatto, sia con i nostri partner che all&#8217;interno delle nostre mura.<\/p><p class=\"p1\"><b>Gabi Oberhauser &#8211; <\/b>Marketing<\/p><p class=\"p1\"><b>J\u00fcrgen Braun<\/b> &#8211; CEO e Strategista Variet\u00e0<\/p><p class=\"p1\"><b>Martin<\/b> <strong>Rottensteiner<\/strong> &#8211; Amministrazione e vendite<\/p>\t\t\t\t\t\t\t\t<\/div>\n\t\t\t\t<\/div>\n\t\t\t\t<\/div>\n\t\t\t\t\t<\/div>\n\t\t\t\t<\/div>\n\t\t\t\t<\/div>\n\t\t","protected":false},"excerpt":{"rendered":"<p>Chi siamo LA NOSTRA STORIA Storia. ADEMA affonda le sue radici nella visione di Luis Braun \u2013 un pioniere della moderna melicoltura in Alto Adige. La sua passione per l\u2019innovazione, la curiosit\u00e0 e la precisione ha influenzato l\u2019industria delle mele della regione e ha creato le basi per la nostra azienda. All&#8217;inizio degli anni &#8217;90, [&hellip;]<\/p>\n","protected":false},"author":2,"featured_media":0,"parent":0,"menu_order":0,"comment_status":"closed","ping_status":"closed","template":"","meta":{"footnotes":""},"class_list":["post-911","page","type-page","status-publish","hentry"],"yoast_head":"<!-- This site is optimized with the Yoast SEO plugin v26.4 - https:\/\/yoast.com\/wordpress\/plugins\/seo\/ -->\n<title>- %<\/title>\n<meta name=\"robots\" content=\"index, follow, max-snippet:-1, max-image-preview:large, max-video-preview:-1\" \/>\n<link rel=\"canonical\" href=\"https:\/\/adema.nepomedia-staging.de\/it\/chi-siamo\/\" \/>\n<meta property=\"og:locale\" content=\"it_IT\" \/>\n<meta property=\"og:type\" content=\"article\" \/>\n<meta property=\"og:title\" content=\"- %\" \/>\n<meta property=\"og:description\" content=\"Chi siamo LA NOSTRA STORIA Storia. ADEMA affonda le sue radici nella visione di Luis Braun \u2013 un pioniere della moderna melicoltura in Alto Adige. La sua passione per l\u2019innovazione, la curiosit\u00e0 e la precisione ha influenzato l\u2019industria delle mele della regione e ha creato le basi per la nostra azienda. All&#8217;inizio degli anni &#8217;90, [&hellip;]\" \/>\n<meta property=\"og:url\" content=\"https:\/\/adema.nepomedia-staging.de\/it\/chi-siamo\/\" \/>\n<meta property=\"og:site_name\" content=\"ADEMA\" \/>\n<meta property=\"article:modified_time\" content=\"2025-11-27T10:02:18+00:00\" \/>\n<meta name=\"twitter:card\" content=\"summary_large_image\" \/>\n<meta name=\"twitter:label1\" content=\"Tempo di lettura stimato\" \/>\n\t<meta name=\"twitter:data1\" content=\"3 minuti\" \/>\n<script type=\"application\/ld+json\" class=\"yoast-schema-graph\">{\"@context\":\"https:\/\/schema.org\",\"@graph\":[{\"@type\":\"WebPage\",\"@id\":\"https:\/\/adema.nepomedia-staging.de\/it\/chi-siamo\/\",\"url\":\"https:\/\/adema.nepomedia-staging.de\/it\/chi-siamo\/\",\"name\":\"- %\",\"isPartOf\":{\"@id\":\"https:\/\/adema.nepomedia-staging.de\/it\/#website\"},\"primaryImageOfPage\":{\"@id\":\"https:\/\/adema.nepomedia-staging.de\/it\/chi-siamo\/#primaryimage\"},\"image\":{\"@id\":\"https:\/\/adema.nepomedia-staging.de\/it\/chi-siamo\/#primaryimage\"},\"thumbnailUrl\":\"https:\/\/adema.nepomedia-staging.de\/wp-content\/uploads\/2025\/10\/Element-1.svg\",\"datePublished\":\"2025-10-22T09:19:13+00:00\",\"dateModified\":\"2025-11-27T10:02:18+00:00\",\"breadcrumb\":{\"@id\":\"https:\/\/adema.nepomedia-staging.de\/it\/chi-siamo\/#breadcrumb\"},\"inLanguage\":\"it-IT\",\"potentialAction\":[{\"@type\":\"ReadAction\",\"target\":[\"https:\/\/adema.nepomedia-staging.de\/it\/chi-siamo\/\"]}]},{\"@type\":\"ImageObject\",\"inLanguage\":\"it-IT\",\"@id\":\"https:\/\/adema.nepomedia-staging.de\/it\/chi-siamo\/#primaryimage\",\"url\":\"https:\/\/adema.nepomedia-staging.de\/wp-content\/uploads\/2025\/10\/Element-1.svg\",\"contentUrl\":\"https:\/\/adema.nepomedia-staging.de\/wp-content\/uploads\/2025\/10\/Element-1.svg\"},{\"@type\":\"BreadcrumbList\",\"@id\":\"https:\/\/adema.nepomedia-staging.de\/it\/chi-siamo\/#breadcrumb\",\"itemListElement\":[{\"@type\":\"ListItem\",\"position\":1,\"name\":\"Casa\",\"item\":\"https:\/\/adema.nepomedia-staging.de\/it\/casa\/\"},{\"@type\":\"ListItem\",\"position\":2,\"name\":\"Chi siamo\"}]},{\"@type\":\"WebSite\",\"@id\":\"https:\/\/adema.nepomedia-staging.de\/it\/#website\",\"url\":\"https:\/\/adema.nepomedia-staging.de\/it\/\",\"name\":\"ADEMA\",\"description\":\"Sviluppo e gestione Apple\",\"publisher\":{\"@id\":\"https:\/\/adema.nepomedia-staging.de\/it\/#organization\"},\"potentialAction\":[{\"@type\":\"SearchAction\",\"target\":{\"@type\":\"EntryPoint\",\"urlTemplate\":\"https:\/\/adema.nepomedia-staging.de\/it\/?s={search_term_string}\"},\"query-input\":{\"@type\":\"PropertyValueSpecification\",\"valueRequired\":true,\"valueName\":\"search_term_string\"}}],\"inLanguage\":\"it-IT\"},{\"@type\":\"Organization\",\"@id\":\"https:\/\/adema.nepomedia-staging.de\/it\/#organization\",\"name\":\"ADEMA\",\"url\":\"https:\/\/adema.nepomedia-staging.de\/it\/\",\"logo\":{\"@type\":\"ImageObject\",\"inLanguage\":\"it-IT\",\"@id\":\"https:\/\/adema.nepomedia-staging.de\/it\/#\/schema\/logo\/image\/\",\"url\":\"https:\/\/adema.nepomedia-staging.de\/wp-content\/uploads\/2024\/11\/Adema_Logo_RGB.svg\",\"contentUrl\":\"https:\/\/adema.nepomedia-staging.de\/wp-content\/uploads\/2024\/11\/Adema_Logo_RGB.svg\",\"caption\":\"ADEMA\"},\"image\":{\"@id\":\"https:\/\/adema.nepomedia-staging.de\/it\/#\/schema\/logo\/image\/\"},\"sameAs\":[\"https:\/\/www.linkedin.com\/in\/jrgen-braun-537997151\/\"]}]}<\/script>\n<!-- \/ Yoast SEO plugin. -->","yoast_head_json":{"title":"- %","robots":{"index":"index","follow":"follow","max-snippet":"max-snippet:-1","max-image-preview":"max-image-preview:large","max-video-preview":"max-video-preview:-1"},"canonical":"https:\/\/adema.nepomedia-staging.de\/it\/chi-siamo\/","og_locale":"it_IT","og_type":"article","og_title":"- %","og_description":"Chi siamo LA NOSTRA STORIA Storia. ADEMA affonda le sue radici nella visione di Luis Braun \u2013 un pioniere della moderna melicoltura in Alto Adige. La sua passione per l\u2019innovazione, la curiosit\u00e0 e la precisione ha influenzato l\u2019industria delle mele della regione e ha creato le basi per la nostra azienda. All&#8217;inizio degli anni &#8217;90, [&hellip;]","og_url":"https:\/\/adema.nepomedia-staging.de\/it\/chi-siamo\/","og_site_name":"ADEMA","article_modified_time":"2025-11-27T10:02:18+00:00","twitter_card":"summary_large_image","twitter_misc":{"Tempo di lettura stimato":"3 minuti"},"schema":{"@context":"https:\/\/schema.org","@graph":[{"@type":"WebPage","@id":"https:\/\/adema.nepomedia-staging.de\/it\/chi-siamo\/","url":"https:\/\/adema.nepomedia-staging.de\/it\/chi-siamo\/","name":"- %","isPartOf":{"@id":"https:\/\/adema.nepomedia-staging.de\/it\/#website"},"primaryImageOfPage":{"@id":"https:\/\/adema.nepomedia-staging.de\/it\/chi-siamo\/#primaryimage"},"image":{"@id":"https:\/\/adema.nepomedia-staging.de\/it\/chi-siamo\/#primaryimage"},"thumbnailUrl":"https:\/\/adema.nepomedia-staging.de\/wp-content\/uploads\/2025\/10\/Element-1.svg","datePublished":"2025-10-22T09:19:13+00:00","dateModified":"2025-11-27T10:02:18+00:00","breadcrumb":{"@id":"https:\/\/adema.nepomedia-staging.de\/it\/chi-siamo\/#breadcrumb"},"inLanguage":"it-IT","potentialAction":[{"@type":"ReadAction","target":["https:\/\/adema.nepomedia-staging.de\/it\/chi-siamo\/"]}]},{"@type":"ImageObject","inLanguage":"it-IT","@id":"https:\/\/adema.nepomedia-staging.de\/it\/chi-siamo\/#primaryimage","url":"https:\/\/adema.nepomedia-staging.de\/wp-content\/uploads\/2025\/10\/Element-1.svg","contentUrl":"https:\/\/adema.nepomedia-staging.de\/wp-content\/uploads\/2025\/10\/Element-1.svg"},{"@type":"BreadcrumbList","@id":"https:\/\/adema.nepomedia-staging.de\/it\/chi-siamo\/#breadcrumb","itemListElement":[{"@type":"ListItem","position":1,"name":"Casa","item":"https:\/\/adema.nepomedia-staging.de\/it\/casa\/"},{"@type":"ListItem","position":2,"name":"Chi siamo"}]},{"@type":"WebSite","@id":"https:\/\/adema.nepomedia-staging.de\/it\/#website","url":"https:\/\/adema.nepomedia-staging.de\/it\/","name":"ADEMA","description":"Sviluppo e gestione Apple","publisher":{"@id":"https:\/\/adema.nepomedia-staging.de\/it\/#organization"},"potentialAction":[{"@type":"SearchAction","target":{"@type":"EntryPoint","urlTemplate":"https:\/\/adema.nepomedia-staging.de\/it\/?s={search_term_string}"},"query-input":{"@type":"PropertyValueSpecification","valueRequired":true,"valueName":"search_term_string"}}],"inLanguage":"it-IT"},{"@type":"Organization","@id":"https:\/\/adema.nepomedia-staging.de\/it\/#organization","name":"ADEMA","url":"https:\/\/adema.nepomedia-staging.de\/it\/","logo":{"@type":"ImageObject","inLanguage":"it-IT","@id":"https:\/\/adema.nepomedia-staging.de\/it\/#\/schema\/logo\/image\/","url":"https:\/\/adema.nepomedia-staging.de\/wp-content\/uploads\/2024\/11\/Adema_Logo_RGB.svg","contentUrl":"https:\/\/adema.nepomedia-staging.de\/wp-content\/uploads\/2024\/11\/Adema_Logo_RGB.svg","caption":"ADEMA"},"image":{"@id":"https:\/\/adema.nepomedia-staging.de\/it\/#\/schema\/logo\/image\/"},"sameAs":["https:\/\/www.linkedin.com\/in\/jrgen-braun-537997151\/"]}]}},"_links":{"self":[{"href":"https:\/\/adema.nepomedia-staging.de\/it\/wp-json\/wp\/v2\/pages\/911","targetHints":{"allow":["GET"]}}],"collection":[{"href":"https:\/\/adema.nepomedia-staging.de\/it\/wp-json\/wp\/v2\/pages"}],"about":[{"href":"https:\/\/adema.nepomedia-staging.de\/it\/wp-json\/wp\/v2\/types\/page"}],"author":[{"embeddable":true,"href":"https:\/\/adema.nepomedia-staging.de\/it\/wp-json\/wp\/v2\/users\/2"}],"replies":[{"embeddable":true,"href":"https:\/\/adema.nepomedia-staging.de\/it\/wp-json\/wp\/v2\/comments?post=911"}],"version-history":[{"count":30,"href":"https:\/\/adema.nepomedia-staging.de\/it\/wp-json\/wp\/v2\/pages\/911\/revisions"}],"predecessor-version":[{"id":1380,"href":"https:\/\/adema.nepomedia-staging.de\/it\/wp-json\/wp\/v2\/pages\/911\/revisions\/1380"}],"wp:attachment":[{"href":"https:\/\/adema.nepomedia-staging.de\/it\/wp-json\/wp\/v2\/media?parent=911"}],"curies":[{"name":"wp","href":"https:\/\/api.w.org\/{rel}","templated":true}]}}